{"id":42,"date":"2021-04-06T22:05:05","date_gmt":"2021-04-06T22:05:05","guid":{"rendered":"http:\/\/rozwadowska.pl\/szaraeminencja\/?page_id=42"},"modified":"2023-08-17T04:53:40","modified_gmt":"2023-08-17T04:53:40","slug":"kastraty","status":"publish","type":"page","link":"https:\/\/rozwadowska.pl\/szaraeminencja\/index.php\/kastraty\/","title":{"rendered":"Kastraty"},"content":{"rendered":"\n<p><\/p>\n\n\n\n<figure class=\"wp-block-gallery alignleft columns-1 is-cropped wp-block-gallery-1 is-layout-flex wp-block-gallery-is-layout-flex\"><ul class=\"blocks-gallery-grid\"><li class=\"blocks-gallery-item\"><figure><img decoding=\"async\" loading=\"lazy\" width=\"667\" height=\"1000\" src=\"http:\/\/rozwadowska.pl\/szaraeminencja\/wp-content\/uploads\/2021\/04\/FT.jpg\" alt=\"\" data-id=\"140\" data-full-url=\"http:\/\/rozwadowska.pl\/szaraeminencja\/wp-content\/uploads\/2021\/04\/FT.jpg\" data-link=\"http:\/\/rozwadowska.pl\/szaraeminencja\/index.php\/kastraty\/ft\/\" class=\"wp-image-140\" srcset=\"https:\/\/rozwadowska.pl\/szaraeminencja\/wp-content\/uploads\/2021\/04\/FT.jpg 667w, https:\/\/rozwadowska.pl\/szaraeminencja\/wp-content\/uploads\/2021\/04\/FT-200x300.jpg 200w, https:\/\/rozwadowska.pl\/szaraeminencja\/wp-content\/uploads\/2021\/04\/FT-414x620.jpg 414w, https:\/\/rozwadowska.pl\/szaraeminencja\/wp-content\/uploads\/2021\/04\/FT-434x650.jpg 434w, https:\/\/rozwadowska.pl\/szaraeminencja\/wp-content\/uploads\/2021\/04\/FT-300x450.jpg 300w\" sizes=\"(max-width: 667px) 100vw, 667px\" \/><\/figure><\/li><\/ul><figcaption class=\"blocks-gallery-caption\">fot. Aleksandra Grabowska<\/figcaption><\/figure>\n\n\n\n<p><\/p>\n\n\n\n<p><strong>Faa Tum Kot Doskona\u0142y*PL<br><\/strong><a href=\"https:\/\/pawpeds.com\/db\/?a=p&amp;id=1270416&amp;g=4&amp;p=rus&amp;date=iso&amp;o=ajgrep\">Rodow\u00f3d<\/a>&nbsp;nr: (PL)FPL LO 37076<br>rodzice: SC Cekin&nbsp;<a href=\"http:\/\/ewjatar.prv.pl\/\">Ewjatar*PL<\/a>&nbsp;oraz Ana&nbsp;Tema z hodowli <a href=\"http:\/\/kotdoskonaly.pl\/\">Kot Doskona\u0142y*PL<\/a><br>chip nr: 967000009129891.<br>status: kastratka<\/p>\n\n\n\n<p>FaaTum Kot Doskona\u0142y*PL pochodzi z hodowli z Warszawy to ona da\u0142a pocz\u0105tek hodowli Szara Eminencja*PL. Poniewa\u017c nie jestem przes\u0105dna, nie zrazi\u0142a mnie negatywna konotacja jej imienia. Kiedy si\u0119 u nas pojawi\u0142a, mia\u0142a 9 miesi\u0119cy. Poznali\u015bmy j\u0105 ju\u017c jako doros\u0142\u0105 kotk\u0119. Pocz\u0105tkowo by\u0142a troch\u0119 przestraszona \u2013 zastanawia\u0142am si\u0119 nawet, czy mo\u017ce zrobi\u0142am co\u015b nie tak (chocia\u017c stara\u0142am si\u0119 zminimalizowa\u0107 jej stres poprzez zafundowanie jej tego samego pokarmu, \u017cwirku, du\u017cego drapaka, itd.). Okaza\u0142o si\u0119 jednak, \u017ce to po prostu jej cecha, kt\u00f3ra w po\u0142\u0105czeniem z tras\u0105 z Warszawy do Wroc\u0142awia spowodowa\u0142a daleko posuni\u0119ty sceptycyzm. Pocz\u0105tkowo wo\u0142a\u0142a inne koty, z kt\u00f3rymi mieszka\u0142a w rodzimej hodowli i bardzo \u017cywo reagowa\u0142a na kocich towarzyszy zza okna. Powoli z dnia na dzie\u0144 aklimatyzowa\u0142a si\u0119 u nas, by\u0142a coraz bardziej ufna. Zacz\u0119\u0142a przychodzi\u0107 wo\u0142ana po imieniu, ch\u0119tnie si\u0119 \u0142asi\u0142a, chocia\u017c sama decydowa\u0142a kiedy to nast\u0105pi, wzi\u0119ta na r\u0119ce po chwili z nich zeskakiwa\u0142a. Aklimatyzacja przebiega\u0142a powoli, ale prawid\u0142owo. Dzi\u015b wiemy, \u017ce charakter FaaTumki nakazuje jej ostro\u017cno\u015b\u0107. FaaTaa (jak j\u0105 wo\u0142am) da\u0142a si\u0119 pozna\u0107 jako kotka dumna i wynios\u0142a, kt\u00f3r\u0105 nale\u017cy podziwia\u0107. Nie wchodzi w gr\u0119 narzucanie jej swojej woli! Ona decyduje, co, kiedy i gdzie. Ch\u0119tnie &#8220;dyskutuje&#8221; zapytana o zdanie, mia\u0142kni\u0119ciem od niechcenia. Jest niezwykle \u0142agodna \u2013 co mia\u0142o i ma dla mnie bardzo du\u017ce znaczenie, poniewa\u017c kiedy z nami zamieszka\u0142a synek mia\u0142 kilka miesi\u0119cy. Nigdy nie zdarzy\u0142o si\u0119, \u017ceby kotka w jakikolwiek spos\u00f3b go wystraszy\u0142a, czy zachowa\u0142a si\u0119 nieodpowiednio. Kiedy nie podoba si\u0119 jej zachowanie Jakuba, po prostu odchodzi lub mia\u0142czy niecierpliwie. Poza tym, pozwala mu na wszystko. Jak by\u0142 malutki (ok. 6 miesi\u0119cy) zasypia\u0142a z nim. Kiedy p\u0142aka\u0142 \u2013 przybiega\u0142a do mnie i mia\u0142cza\u0142a patrz\u0105c na mnie wymownie, jakby chcia\u0142a powiedzie\u0107: &#8220;zr\u00f3b co\u015b!&#8221; Kiedy by\u0142 chory, nie odsp\u0119powa\u0142a go na krok. Niech kto\u015b odm\u00f3wi kocie inteligencji! Czasem si\u0119 \u015bmiej\u0119, \u017ce to jej syn. FaaTum reaguje na swoje imi\u0119, przychodzi wo\u0142ana, wskakuje te\u017c na kolana. Nie jest typowym pieszczochem. Wystarczy jej wieczorne drapanie za uchem i poranne czochranie. To drugie jest nieco wymuszone, szczeg\u00f3lnie jak za\u015bpi\u0119, budzi mnie mia\u0142czeniem i domaga si\u0119 wej\u015bcia do sypialni pr\u00f3buj\u0105c otworzy\u0107 drzwi \u0142ap\u0105 (co cz\u0119sto jej wychodzi). Wpada wtedy do pomieszczenia z wyra\u017anym fochem i j\u0119kliwym g\u0142osem, jakby si\u0119 skar\u017cy\u0142a, \u017ce t\u0119skni, domaga si\u0119 pieszczoty, po czym odchodzi. Przyznam, \u017ce imponuje mi ta jej posuni\u0119ta do granic niezale\u017cno\u015b\u0107, kt\u00f3ra prezentuje ostentacyjnie. Mo\u017ce dlatego jest moj\u0105 faworyt\u0105. Jest przy tym grzeczna, przynajmniej w mojej obecno\u015bci nie wskakuje na st\u00f3\u0142 kuchenny i blat mebli, nie wyjada z talerzy. S\u0142ucha. Z czasem zaobserwowa\u0142am, \u017ce ewidentnie brakuje jej kociego towarzystwa, co w po\u0142\u0105czeniu z naszymi planami hodowlanymi zaowocowa\u0142o poszukiwaniami drugiej koteczki. Po przybyciu do domu kociaka FaaTum oczywi\u015bcie dominowa\u0142a. Ma\u0142a Astra musia\u0142a si\u0119 podporz\u0105dkowa\u0107. Szybko jednak ros\u0142a i obecnie gabarytami nawet przewy\u017csza starsz\u0105 kotk\u0119. Dokocenie okaza\u0142o si\u0119 strza\u0142em w dziesi\u0105tk\u0119! Obecnie FaaTum&#8217;ka akceptuje Astr\u0119 na &#8220;swoim&#8221; terenie, ulega jej zaczepkom, ch\u0119tnie je odwzajemnia. Uwielbia wsp\u00f3lne gonitwy po domu, ko\u0144cz\u0105ce si\u0119 szamotanin\u0105, po kt\u00f3rej najcz\u0119\u015bciej jedna wykonuje toalet\u0119 drugiej. Ot, kocia codzienno\u015b\u0107:) Ma do\u015b\u0107 ciemne aksamitne futro, d\u0142ugie \u0142apy, proporcjonalny ogon i najpi\u0119kniejsze na \u015bwiecie wielkie szmaragdowe oczy w kszta\u0142cie migda\u0142\u00f3w. Jest pe\u0142na gracji i dostoje\u0144stwa, a przy tym jest filigranowa (wa\u017cy 2 kg, pozosta\u0142e Eminencja 3 i powy\u017cej). Wystawy nigdy nie by\u0142y dla niej, dlatego uzna\u0142am, \u017ce nie b\u0119dzie kotem wystawowym. Jest mam\u0105 Madame oraz koci\u0105t z miot\u00f3w: B, E, H, K, M i T. <\/p>\n\n\n\n<p>By\u0142a moim duchowym kotem. Od maja 2020 biega za T\u0119czowym M.<\/p>\n\n\n\n<p><\/p>\n\n\n\n<p><\/p>\n\n\n\n<figure class=\"wp-block-gallery alignleft columns-1 is-cropped wp-block-gallery-3 is-layout-flex wp-block-gallery-is-layout-flex\"><ul class=\"blocks-gallery-grid\"><li class=\"blocks-gallery-item\"><figure><img decoding=\"async\" loading=\"lazy\" width=\"270\" height=\"270\" src=\"http:\/\/rozwadowska.pl\/szaraeminencja\/wp-content\/uploads\/2021\/04\/amika-gal-2.png\" alt=\"\" data-id=\"138\" data-full-url=\"http:\/\/rozwadowska.pl\/szaraeminencja\/wp-content\/uploads\/2021\/04\/amika-gal-2.png\" data-link=\"http:\/\/rozwadowska.pl\/szaraeminencja\/index.php\/kastraty\/amika-gal-2\/\" class=\"wp-image-138\" srcset=\"https:\/\/rozwadowska.pl\/szaraeminencja\/wp-content\/uploads\/2021\/04\/amika-gal-2.png 270w, https:\/\/rozwadowska.pl\/szaraeminencja\/wp-content\/uploads\/2021\/04\/amika-gal-2-150x150.png 150w\" sizes=\"(max-width: 270px) 100vw, 270px\" \/><\/figure><\/li><\/ul><\/figure>\n\n\n\n<p><strong>Amika B\u0142\u0119kitna Ferajna*PL<br><\/strong><a href=\"https:\/\/pawpeds.com\/db\/?a=p&amp;id=1270408&amp;g=4&amp;p=rus&amp;date=iso&amp;o=ajgrep\">Rodow\u00f3d<\/a>&nbsp;nr: (PL)FPL LO 28237<br>rodzice: IC U-Uspekh Hareza*PL oraz Hermiona&nbsp;<a href=\"http:\/\/ewjatar.prv.pl\/\">Ewjatar*PL<\/a><br>chip nr: 985121009004536<br>status: kastratka<\/p>\n\n\n\n<p><\/p>\n\n\n\n<p>Amika B\u0142\u0119kitna Ferajna*PL zamieszka\u0142a z nami najp\u00f3\u017aniej spo\u015br\u00f3d wszystkich kotek, przyby\u0142a z zaprzyja\u017anionej hodowli w Cz\u0119stochowie, kt\u00f3ra z przyczyn niezale\u017cnych od w\u0142a\u015bcicielki \u2013 uleg\u0142a rozwi\u0105zaniu. Wchodz\u0105c w koligacje rodzinne, trzeba zaznaczy\u0107, \u017ce Amiczka jest biologiczn\u0105 mam\u0105 Astry i zarazem babci\u0105 jej koci\u0105t. Obserwowanie 3 pokoleniowej inii kotek daje hodowcy szerszy obraz i mo\u017cliwo\u015b\u0107 lepszego przewidywania charakter\u00f3w kolejnych miot\u00f3w koci\u0105t. Amika pojawi\u0142a si\u0119 w hodowli Szara Eminencja*PL, b\u0119d\u0105c doros\u0142\u0105 kotk\u0105 \u2013 przesz\u0142o trzyletni\u0105. Tym samym jej aklimatyzacja z za\u0142o\u017cenia nie by\u0142a natychmiastowa a wymaga\u0142a czasu, cierpliwo\u015bci i spokoju (tym bardziej, \u017ce w hodowli by\u0142y w\u00f3wczas male\u0144stwa Astry). Da\u0142a si\u0119 jednak pozna\u0107 z najlepszej strony, co pokaza\u0142a nam ju\u017c w drodze do Wroc\u0142awia. Pocz\u0105tkowo (oko\u0142o 8 miesi\u0119cy) mieszka\u0142a z nami, jednak nienajlepsze relacje z FaaTum zdecydowa\u0142y o poszukiwaniach nowego domu dla niej. Amika ostatecznie zamieszka\u0142a z moimi rodzicami, co przyczyni\u0142o si\u0119 do wi\u0119kszego spokoju kotki a tak\u017ce powi\u0119kszenia terytorium nale\u017c\u0105cego tylko do niej. W hodowli pojawia si\u0119 przy okazji krycia, ci\u0105\u017cy i okresu macierzy\u0144stwa. Amika bywa skryta. Bywa te\u017c p\u0142ochliwa. Jest ma\u0142o wylewna &#8230; do czasu. Cho\u0107 gra niedost\u0119pn\u0105, po dotkni\u0119ciu zmienia si\u0119, jakby za pomoc\u0105 czarodziejskiej r\u00f3\u017cd\u017cki, w pieszczocha nie z tej ziemi. Wielokrotnie w miziowato\u015bci przewy\u017csza swoj\u0105 c\u00f3rci\u0119. Mog\u0142aby z kolan nie schodzi\u0107. A jak urokliwie przy tym mruczy i si\u0119 wdzi\u0119czy&#8230; pomia\u0142kuje nawet w rujce w taki spos\u00f3b, \u017ce chcia\u0142oby si\u0119 tego s\u0142ucha\u0107 bez ko\u0144ca&#8230; jakby \u015bpiewa\u0142a. Amika jest urocz\u0105 kotk\u0105 (w ko\u0144cu Astra ma to po mamie!), bardzo \u0142agodn\u0105 i u\u0142o\u017con\u0105, cho\u0107 zdarza jej si\u0119 zagl\u0105da\u0107 do naszych talerzy&#8230; wi\u0119c trzeba si\u0119 mie\u0107 na baczno\u015bci! Dziewczyna ma charakter&#8230; swoich domownik\u00f3w wita radosnym pomia\u0142kiwaniem opowiadaj\u0105c, co si\u0119 dzia\u0142o podczas ich nieobecno\u015bci. Odtr\u0105cenie, nawet chwilowe, pami\u0119ta przez p\u00f3\u0142 dnia.. trzeba wi\u0119c uwa\u017ca\u0107, aby przypadkowo nie zrani\u0107 jej uczu\u0107. W relacjach z FaaTum by\u0142 nieust\u0119pliwa i uparta. Nie dawa\u0142a za wygran\u0105. Broni\u0142a swojego terytorium i niech\u0119tnie widzia\u0142a na nim FaaT\u0119, cho\u0107 zaryzykowa\u0142abym stwierdzenie, \u017ce cho\u0107 warszawska ksi\u0119\u017cniczka jest mniejsza \u2013 dominowa\u0142a. Nad Astr\u0105 mia\u0142a za to przewag\u0119 do\u015bwiadczenia i j\u0105 wykorzystywa\u0142a. A to by\u0142a pierwsza przy misce, a to j\u0105 ustawia\u0142a&#8230; widocznie koligacje rodzinne maj\u0105 znaczenie mi\u0119dzy nimi. Spo\u015br\u00f3d kotek jest najwi\u0119ksza, cho\u0107 wag\u0105 jest zbli\u017cona do Astry (wa\u017cy ponad 3 kg). W pierwszym swoim miocie powi\u0142a m.in. Astr\u0119. Jest bardzo dobr\u0105 mam\u0105. Amiczka szczeg\u00f3lnie jasny ma pyszczek, do kt\u00f3rego wyj\u0105tkowo pi\u0119knie wygl\u0105da ciemna oprawa oczu (wygl\u0105da jak Kleopatra) i stalowe wibrysy. Oczy ma du\u017ce o jasnym szmaragdowym odcieniu. Cechuj\u0105 j\u0105 nadto wysokie \u0142apy, d\u0142ugi ogon, mocny podbr\u00f3dek, bardzo dobry profil. Wa\u017cy ok. 3 kg. W hodowli znajduj\u0105 si\u0119 jej 3 c\u00f3rki &#8211; Astra, Jafa i Petra. Jest mam\u0105 miot\u00f3w: C, F, J, L, P. Od stycznia 2017 r. jest kastratk\u0105 i mieszka na sta\u0142e z moj\u0105 mam\u0105.<\/p>\n\n\n\n<figure class=\"wp-block-gallery alignleft columns-1 is-cropped wp-block-gallery-5 is-layout-flex wp-block-gallery-is-layout-flex\"><ul class=\"blocks-gallery-grid\"><li class=\"blocks-gallery-item\"><figure><img decoding=\"async\" loading=\"lazy\" width=\"1024\" height=\"1024\" src=\"http:\/\/rozwadowska.pl\/szaraeminencja\/wp-content\/uploads\/2021\/04\/A1-1024x1024.jpg\" alt=\"\" data-id=\"144\" data-full-url=\"http:\/\/rozwadowska.pl\/szaraeminencja\/wp-content\/uploads\/2021\/04\/A1.jpg\" data-link=\"http:\/\/rozwadowska.pl\/szaraeminencja\/index.php\/kastraty\/a1\/\" class=\"wp-image-144\" srcset=\"https:\/\/rozwadowska.pl\/szaraeminencja\/wp-content\/uploads\/2021\/04\/A1-1024x1024.jpg 1024w, https:\/\/rozwadowska.pl\/szaraeminencja\/wp-content\/uploads\/2021\/04\/A1-300x300.jpg 300w, https:\/\/rozwadowska.pl\/szaraeminencja\/wp-content\/uploads\/2021\/04\/A1-150x150.jpg 150w, https:\/\/rozwadowska.pl\/szaraeminencja\/wp-content\/uploads\/2021\/04\/A1-768x767.jpg 768w, https:\/\/rozwadowska.pl\/szaraeminencja\/wp-content\/uploads\/2021\/04\/A1-1536x1534.jpg 1536w, https:\/\/rozwadowska.pl\/szaraeminencja\/wp-content\/uploads\/2021\/04\/A1-621x620.jpg 621w, https:\/\/rozwadowska.pl\/szaraeminencja\/wp-content\/uploads\/2021\/04\/A1-1001x1000.jpg 1001w, https:\/\/rozwadowska.pl\/szaraeminencja\/wp-content\/uploads\/2021\/04\/A1-600x599.jpg 600w, https:\/\/rozwadowska.pl\/szaraeminencja\/wp-content\/uploads\/2021\/04\/A1-400x400.jpg 400w, https:\/\/rozwadowska.pl\/szaraeminencja\/wp-content\/uploads\/2021\/04\/A1.jpg 1686w\" sizes=\"(max-width: 1024px) 100vw, 1024px\" \/><\/figure><\/li><\/ul><figcaption class=\"blocks-gallery-caption\">fot. Marta Piotrowska<\/figcaption><\/figure>\n\n\n\n<p><strong>Astra Glitterus*PL<br><\/strong><a href=\"https:\/\/pawpeds.com\/db\/?a=p&amp;id=1270406&amp;g=4&amp;p=rus&amp;date=iso&amp;o=ajgrep\">Rodow\u00f3d<\/a>&nbsp;nr: (PL)FPL LO 48911<br>rodzice: Cetar&nbsp;<a href=\"http:\/\/www.minora.pl\/\">Minora*PL<\/a>&nbsp;oraz Amika B\u0142\u0119kitna Ferajna*PL<br>chip nr: 967000009464400<br>status: kastratka<\/p>\n\n\n\n<p>Astra Glitterus*PL przyjecha\u0142a z Cz\u0119stochowy, jako 3-miesi\u0119czny kociak. Uj\u0119\u0142a mnie w dniu odbioru jej z hodowli. Kiedy podesz\u0142am do niej, \u017ceby si\u0119 przywita\u0107 ssa\u0142a jeszcze swoj\u0105 mam\u0119, jakby na po\u017cegnanie. Rozp\u0142yn\u0119\u0142am si\u0119 i tak ju\u017c zosta\u0142o. Astra sprawi\u0142a nam niezmiernie du\u017co rado\u015bci, w szczeg\u00f3lno\u015bci synkowi. By\u0142a i jest bowiem niewyczerpanym towarzyszem zabaw \u2013 od pocz\u0105tku! Tym nas uj\u0119\u0142a i zdoby\u0142a nasze serca. Jako maluszek musia\u0142a podporz\u0105dkowa\u0107 si\u0119 starszej kotce. Nie przysz\u0142o jej to trudno, ma tak\u0105 wrodzon\u0105 uleg\u0142o\u015b\u0107. Chyba traktowa\u0142a j\u0105 jak swoj\u0105 starsz\u0105 siostr\u0119. FaaTum podchwyci\u0142a temat, by\u0107 mo\u017ce Astra wzbudzi\u0142a w niej instynkt macierzy\u0144ski? W ka\u017cdym razie z dnia na dzie\u0144 obserwowa\u0142am, jak maluszek uczy si\u0119 coraz to nowych umiej\u0119tno\u015bci od starszej koteczki. Asterka ros\u0142a i pi\u0119knia\u0142a. Oczy wybarwia\u0142y jej si\u0119 coraz bardziej. Da\u0142a si\u0119 pozna\u0107, jako kraina \u0142agodno\u015bci. Stwierdzam, \u017ce jest to kot, kt\u00f3rego mo\u017cna zag\u0142aska\u0107, bez protest\u00f3w. Jest 100% pieszczochem i warkotem. W trakcie g\u0142askania wydaje g\u0142o\u015bny pomruk zadowolenia, nie spos\u00f3b jej odm\u00f3wi\u0107 dalszych pieszczot. Przy tym dobrze reaguje na stres. Nasz syn odnalaz\u0142 w niej kompana do zabaw \u2013 dla Asterki wszytsko jest zabawk\u0105. Nie mo\u017cna jej odm\u00f3wi\u0107 r\u00f3wnie\u017c inteligencji &#8211; m\u00f3j m\u0105\u017c nauczy\u0142 j\u0105 aportowa\u0107 plastikow\u0105 opask\u0119 zaciskow\u0105 (tzw. Sztrap). Oboje mog\u0105 si\u0119 tak bawi\u0107 godzinami \u2013 a\u017c bywam zazdrosna! (Astra jest faworyt\u0105 m\u0119\u017ca). Reaguje wo\u0142ana na swoje imi\u0119. To ona w naszym domowym &#8220;stadzie&#8221; jest prowokatorem zabaw i figlii, kt\u00f3ymi maltretuje starsz\u0105 kotk\u0119, nie zawsze skor\u0105 do tego typu wyg\u0142up\u00f3w. Czasem wydaje mi si\u0119, \u017ce ona w og\u00f3le pod tym wzgl\u0119dem nie doros\u0142a:) Poluje na FaaTum, gryzie j\u0105, goni za ni\u0105, atakuje niespodziewanie zza rogu&#8230; jest niemo\u017cliwa. Wszytsko jednak odbywa si\u0119 w zupe\u0142nej ciszy (no, chyba \u017ce co\u015b zrzuc\u0105), gdy\u017c Astra jest koteczk\u0105 w\u0142a\u015bciwie nie mia\u0142cz\u0105c\u0105. Odzywa w trzech przypadkach: w rui, jak nios\u0119 mokr\u0105 karm\u0119 \u2013 kt\u00f3r\u0105 uwielbia, i jak siedz\u0119 podczas pracy w takiej odleg\u0142o\u015bci od biurka, \u017ce nie mo\u017ce wskoczy\u0107 na kolana \u2013 wtedy mnie upomina. Pomruk kt\u00f3ry wtedy z siebie wydaje jest jednak bardzo cichy. \u015api cz\u0119sto jak dziecko, wsz\u0119dzie i w najdziwniejszych pozycjach. Wyros\u0142a nam na pi\u0119kn\u0105 koteczk\u0119. Astra by\u0142a wspania\u0142\u0105 mam\u0105, doskonale opiekowa\u0142a si\u0119 koci\u0119tami. Ma jasn\u0105 barw\u0119 futra, g\u0119st\u0105 sier\u015b\u0107 i podszerstek. Lekko naiwne spojrzenie podkre\u015bla jej pi\u0119kne jasnoszmaragdowe oczy. Cechuj\u0105 j\u0105 nadto wysokie \u0142apy, d\u0142ugi ogon, dobry profil. W 2018 r. przesz\u0142a na emerytur\u0119 hodowlan\u0105 i zamieszka\u0142a z naszym przyjacielem.<\/p>\n\n\n\n<p><\/p>\n\n\n\n<figure class=\"wp-block-gallery alignleft columns-1 is-cropped wp-block-gallery-7 is-layout-flex wp-block-gallery-is-layout-flex\"><ul class=\"blocks-gallery-grid\"><li class=\"blocks-gallery-item\"><figure><img decoding=\"async\" loading=\"lazy\" width=\"270\" height=\"270\" src=\"http:\/\/rozwadowska.pl\/szaraeminencja\/wp-content\/uploads\/2021\/04\/jafa.png\" alt=\"\" data-id=\"134\" data-full-url=\"http:\/\/rozwadowska.pl\/szaraeminencja\/wp-content\/uploads\/2021\/04\/jafa.png\" data-link=\"http:\/\/rozwadowska.pl\/szaraeminencja\/index.php\/kastraty\/jafa\/\" class=\"wp-image-134\" srcset=\"https:\/\/rozwadowska.pl\/szaraeminencja\/wp-content\/uploads\/2021\/04\/jafa.png 270w, https:\/\/rozwadowska.pl\/szaraeminencja\/wp-content\/uploads\/2021\/04\/jafa-150x150.png 150w\" sizes=\"(max-width: 270px) 100vw, 270px\" \/><\/figure><\/li><\/ul><\/figure>\n\n\n\n<p><strong>Jafa Szara Eminencja*PL <br><\/strong><a href=\"https:\/\/pawpeds.com\/db\/?a=p&amp;id=1294029&amp;g=4&amp;p=rus&amp;o=ajgrep\">Rodow\u00f3d<\/a>&nbsp;nr:(PL)FPL LO 89516<br>rodzice: CH Wadol&nbsp;<a href=\"http:\/\/www.minora.pl\/\">Minora*PL<\/a>&nbsp;oraz Amika B\u0142\u0119kitna Ferajna*PL<br>chip nr: 900085000218847<br>status: kastratka<\/p>\n\n\n\n<p>Jafa Szara Eminencja*PL Przysz\u0142a na \u015bwiat w drugiej po\u0142owie 2015 r. Jest przed\u0142u\u017ceniem linii jej mamy &#8211; Amiki (czyli mamy Astry, babci Divy) oraz siostr\u0105 Astry i Petry. Jest doskona\u0142ym towarzyszem, ch\u0119tnie s\u0142ucha i przytula Du\u017cych. Potrafi godzinami spa\u0107 bez ruchu, wtulona w cz\u0142owieka, jakby \u015bwiat nie istnia\u0142. Jafka to koteczka o delikatnym charakterze, na kt\u00f3rej uwag\u0119 i umizgi trzeba zas\u0142u\u017cy\u0107. Ceni spok\u00f3j i stateczno\u015b\u0107. Jest bardzo dostojn\u0105 kotk\u0105 i dam\u0105. Ma g\u0119ste, podw\u00f3jne srebrne futro (chyba najja\u015bniejsze w hodowli), jasnozielone cudne oczy i d\u0142ugi ogon, oraz mocn\u0105 brod\u0119. Jest \u015bwietn\u0105 mam\u0105 o doskona\u0142ym instynkcie, ch\u0119tnie opiekuje si\u0119 wszystkimi dzie\u0107mi, cudzymi r\u00f3wnie\u017c. Jest mam\u0105 Kidy i Kody. Od 2019 r. na emeryturze hodowlanej. Zamieszka\u0142a w Gda\u0144sku z Wojtkiem.<\/p>\n\n\n\n<p><\/p>\n\n\n\n<figure class=\"wp-block-gallery alignleft columns-1 is-cropped wp-block-gallery-9 is-layout-flex wp-block-gallery-is-layout-flex\"><ul class=\"blocks-gallery-grid\"><li class=\"blocks-gallery-item\"><figure><img decoding=\"async\" loading=\"lazy\" width=\"270\" height=\"270\" src=\"http:\/\/rozwadowska.pl\/szaraeminencja\/wp-content\/uploads\/2021\/04\/Petra.png\" alt=\"\" data-id=\"135\" data-full-url=\"http:\/\/rozwadowska.pl\/szaraeminencja\/wp-content\/uploads\/2021\/04\/Petra.png\" data-link=\"http:\/\/rozwadowska.pl\/szaraeminencja\/index.php\/kastraty\/petra\/\" class=\"wp-image-135\" srcset=\"https:\/\/rozwadowska.pl\/szaraeminencja\/wp-content\/uploads\/2021\/04\/Petra.png 270w, https:\/\/rozwadowska.pl\/szaraeminencja\/wp-content\/uploads\/2021\/04\/Petra-150x150.png 150w\" sizes=\"(max-width: 270px) 100vw, 270px\" \/><\/figure><\/li><\/ul><\/figure>\n\n\n\n<p><strong>Petra Szara Eminencja*PL<br><\/strong><a href=\"https:\/\/pawpeds.com\/db\/?a=p&amp;id=1487540&amp;g=4&amp;p=rus&amp;o=ajgrep\">Rodow\u00f3d<\/a>&nbsp;nr: FPL LO 111609<br>rodzice: IC Yason&nbsp;<a href=\"https:\/\/jasno-solnyshko.my1.ru\/\">Jasno Solnyshko*RU<\/a>&nbsp;oraz Amika <a href=\"https:\/\/www.facebook.com\/pages\/category\/Pet-Breeder\/Hodowla-kot%C3%B3w-Rosyjskich-Niebieskich-i-Syberyjskich-B%C5%82%C4%99kitna-Ferajna-294775867628487\/\">B\u0142\u0119kitna Ferajna*PL<\/a><br>chip nr: 932002000565552<br>status: kastrat<\/p>\n\n\n\n<p>Petra przysz\u0142a na \u015bwiat w naszej hodowli we wrze\u015bniu 2016 r. Jest c\u00f3rk\u0105 naszych Rezydent\u00f3w: Amiki z ostatniego miotu (ju\u017c nestorki, kastratki, kt\u00f3ra mieszka z moj\u0105 mam\u0105) oraz Yasona. Po swojej mamie odziedziczy\u0142a jasny kolor futerka, d\u0142ugi cienki ogon oraz wysokie \u0142apy. Bardzo dobry kolor oka dosta\u0142a od taty, podobnie jak symetryczne ucho postawione do g\u00f3ry na sztorc. Jej s\u0142aba strona to profil. Jest do\u015b\u0107 p\u0142ochym stworzeniem, ale przy bli\u017cszym poznaniu daje si\u0119 odkry\u0107 jako prawdziwy pieszczoch! Pcha si\u0119 pod r\u0119k\u0119, sama si\u0119 tuli, \u0142asi, g\u0142ow\u0105 podbija d\u0142o\u0144, napomina wokalizuj\u0105c, \u017ce ju\u017c czas na kolejn\u0105 dawk\u0119 czu\u0142o\u015bci. Jest nieprzeci\u0119tn\u0105 gadu\u0142\u0105, co \u015awiadczy o jej inteligencji! Upodoba\u0142a sobie w naszym domu pok\u00f3j syna i najcz\u0119\u015bciej tam przebywa, kiedy potrzebuje wyciszenia. Ostatnio w cudnej komitywie \u017cyje z Div\u0105 (wnuczk\u0105 Amiki, dla kt\u00f3rej de facto jest cioci\u0105). Wkr\u00f3tce planujemy jej pierwsze krycie, b\u0119dziemy obserwowa\u0107 j\u0105 zatem w nowej roli &#8211; mam nadziej\u0119, \u017ce sprawdzi si\u0119 w niej bardzo dobrze, podobnie jak jej mama i siostry. Mama Nidy. Od 2019 r. na emeryturze hodowlanej. Zamieszka\u0142a u mojej mamy z Amik\u0105.<\/p>\n\n\n\n<div class=\"wp-block-image\"><figure class=\"alignleft size-large\"><img decoding=\"async\" loading=\"lazy\" width=\"270\" height=\"270\" src=\"http:\/\/rozwadowska.pl\/szaraeminencja\/wp-content\/uploads\/2022\/01\/yasmina.png\" alt=\"\" class=\"wp-image-317\" srcset=\"https:\/\/rozwadowska.pl\/szaraeminencja\/wp-content\/uploads\/2022\/01\/yasmina.png 270w, https:\/\/rozwadowska.pl\/szaraeminencja\/wp-content\/uploads\/2022\/01\/yasmina-150x150.png 150w\" sizes=\"(max-width: 270px) 100vw, 270px\" \/><\/figure><\/div>\n\n\n\n<p><strong>REGALRUSSIANS Yasmina<\/strong><br><a href=\"https:\/\/pawpeds.com\/db\/?a=p&amp;id=1420380&amp;g=4&amp;p=rus&amp;o=ajgrep\">Rodow\u00f3d<\/a>&nbsp;nr: (PL)FPL LO<br>rodzice: CH Fyodor&nbsp;i Starutza <a href=\"https:\/\/www.facebook.com\/Regal-Russian-Blues-1657211444516569\/\">REGALRUSSIANS<\/a><br>chip nr: 900075000020319<br>status: kotka hodowlana<\/p>\n\n\n\n<p>Yasmina pochodzi z Wielkiej Brytanii, spod Londynu, gdzie urodzi\u0142a si\u0119 w czerwcu 2018 r. Ale ja czeka\u0142am na ni\u0105 du\u017co d\u0142u\u017cej! Od pa\u017adziernika mieszka z nami \ud83d\ude42 Od pierwszych chwil wiedzia\u0142am, \u017ce si\u0119 pokochamy! Zobaczy\u0142am postawione do g\u00f3ry cudne uszka, kt\u00f3re wysz\u0142y z transportera i z ciekawo\u015bci\u0105 i stercz\u0105cym ogonem spacerowa\u0142 po pokoju hotelowym. Da\u0142a si\u0119 pozna\u0107 od pierwszych chwil jako koteczka bardzo odwa\u017cna, ciekawska i zawadiacka. Ju\u017c w hotelowym pokoju obw\u0105cha\u0142a moje torby i ubrania, w\u0142azi\u0142a pod r\u0119k\u0119 i ko\u0142dr\u0119. Da\u0142a si\u0119 g\u0142aska\u0107, mrucza\u0142a bardzo g\u0142o\u015bno&#8230; Ch\u0119tnie ju\u017c w\u00f3wczas si\u0119 bawi\u0142a i zaczepia\u0142a. Ca\u0142\u0105 noc spa\u0142a wtulona we mnie, co rozmi\u0119kczy\u0142o moje serce totalnie! Budzi\u0142am si\u0119 co jaki\u015b czas bo mi r\u0119ka zdr\u0119twia\u0142a, ale nie ruszy\u0142am si\u0119 nawet o milimetr. Mimo bardzo dalekiej i d\u0142ugiej drogi (z londy\u0144skiego Heathrow do Warszawy a potem ze stolicy poci\u0105giem do Wroc\u0142awia, \u0142\u0105cznie ok 17 h!) by\u0142a bardzo dzielna i grzeczna. Ca\u0142y czas si\u0119 poznajemy i uczymy siebie. Jednak ju\u017c dzi\u015b widz\u0119 jej niew\u0105tpliwe hodowlane zalety: pi\u0119kne, postawione do g\u00f3ry uszy, cudny kolor oka, fantastyczn\u0105 brod\u0119, bardzo dobry profil. Mam nadziej\u0119, \u017ce wyro\u015bnie na pi\u0119kn\u0105 Szar\u0105 Eminencj\u0119 \ud83d\ude42 a m\u00f3j plan hodowlany dzi\u0119ki niej b\u0119dzie du\u017co lepszy. Pochodzi z federacji GCCF.<\/p>\n\n\n\n<figure class=\"wp-block-gallery alignleft columns-1 is-cropped wp-block-gallery-11 is-layout-flex wp-block-gallery-is-layout-flex\"><ul class=\"blocks-gallery-grid\"><li class=\"blocks-gallery-item\"><figure><img decoding=\"async\" loading=\"lazy\" width=\"270\" height=\"270\" src=\"http:\/\/rozwadowska.pl\/szaraeminencja\/wp-content\/uploads\/2021\/04\/car.png\" alt=\"\" data-id=\"136\" data-full-url=\"http:\/\/rozwadowska.pl\/szaraeminencja\/wp-content\/uploads\/2021\/04\/car.png\" data-link=\"http:\/\/rozwadowska.pl\/szaraeminencja\/index.php\/kastraty\/car\/\" class=\"wp-image-136\" srcset=\"https:\/\/rozwadowska.pl\/szaraeminencja\/wp-content\/uploads\/2021\/04\/car.png 270w, https:\/\/rozwadowska.pl\/szaraeminencja\/wp-content\/uploads\/2021\/04\/car-150x150.png 150w\" sizes=\"(max-width: 270px) 100vw, 270px\" \/><\/figure><\/li><\/ul><\/figure>\n\n\n\n<p><strong>IC Car Rosa Felina*CZ<\/strong><br><a href=\"https:\/\/pawpeds.com\/db\/?a=p&amp;id=1270410&amp;g=4&amp;p=rus&amp;date=iso&amp;o=ajgrep\">Rodow\u00f3d<\/a>&nbsp;nr: (PL)FPL LO 62109<br>rodzice: CH Bastian&nbsp;<a href=\"http:\/\/www.jeryje.cz\/\/\">Jeryje*CZ<\/a> oraz IC Elissa <a href=\"http:\/\/www.lstaron.wz.cz\/\">Signal*CZ<\/a><br>chip nr: 203096100137947<br>status: kastrat<\/p>\n\n\n\n<p>IC Car Rosa Felina*CZ to m\u00f3j pierwszy kocur w hodowli. Trafi\u0142 do Szarej Eminencji*PL w pa\u017adzierniku 2013 r. Moje serce podbi\u0142 jednak wcze\u015bniej \u2013 w wieku oko\u0142o 2 miesi\u0119cy na spotkaniu w macierzystej hodowli wlaz\u0142 mi bezpardonowo na kolana, bawi\u0142 si\u0119 w najlepsze dobr\u0105 godzin\u0119, po czym usn\u0105\u0142 w zniewalaj\u0105cej pozycji&#8230; c\u00f3\u017c by\u0142o robi\u0107? Nie by\u0142o wyj\u015bcia&#8230; pad\u0142a decyzja a kocur wkr\u00f3tce zamieszka\u0142 z nami podbijaj\u0105c serca i Du\u017cych i futrzastych domownik\u00f3w (szczeg\u00f3lnie FaaTumki). Poniewa\u017c bardzo prze\u017cywa\u0142 okres kwarantanny \u2013 musia\u0142am go skr\u00f3ci\u0107. Car jest wyj\u0105tkowo towarzyski i kocha ludzi. Okaza\u0142o si\u0119 to najlepsz\u0105 decyzj\u0105 z mo\u017cliwych! Od pierwszych chwil kotki go zaakceptowa\u0142y. Faa Tum potraktowa\u0142a go pocz\u0105tkowo, jak synka, dla Astry i Amiki natomiast by\u0142 od razu kocurem. Dokocenie o Cara by\u0142o najbardziej bezproblemowym w historii Szarej Eminencji*PL. Car jest uroczy i ma wspania\u0142y charakter. Czarek, Czaru\u015b &#8211; jak na niego m\u00f3wimy \u2013 w pe\u0142ni oddaje jego zaczepny styl bycia. Bardzo delikatny, spokojny, \u0142agodny&#8230; miauczy, kiedy czego\u015b chce, albo gdy manifestuje niezadowolenie \u2013 jest gadatliwym kocurem. Nienachalnie prosi o pieszczoty nawet osoby przebywaj\u0105ce w hodowli po raz pierwszy obdarzaj\u0105c je automatycznie kompletnym zaufaniem. Uwielbia si\u0119 bawi\u0107. W\u0142a\u015bciwie oboj\u0119tny jest przedmiot, byle by\u0142 w ruchu: pi\u00f3rka, kulka, zakr\u0119tka, sztrap&#8230; p\u00f3ki si\u0119 rusza \u2013 musi zgin\u0105\u0107! Zdarza si\u0119, \u017ce po sko\u0144czonej zabawie, kiedy od\u0142o\u017c\u0119 w\u0119dk\u0119, potrafi j\u0105 odnale\u017a\u0107 i si\u0119 z ni\u0105 rozprawi\u0107 \u2013 jest wi\u0119c uparty, zdeterminowany i konsekwentny, nie odpuszcza pierwszy. Do zabawy mo\u017ce mu nawet pos\u0142u\u017cy\u0107 podryguj\u0105cy ogon innego kota.. Ch\u0119tnie bawi si\u0119 z lud\u017ami, z doros\u0142ymi kotkami i z koci\u0119tami. Jest niez\u0142ym zawadiak\u0105 \u2013 le\u017c\u0105c na drapaku w przedpokoju zaczepia \u0142ap\u0105 przechodz\u0105cych obok.. (co odziedziczy\u0142a po nim Madame &#8211; c\u00f3rka) nie raz kto\u015b si\u0119 wystraszy\u0142, podczas gdy kocurek chcia\u0142 tylko pog\u0142aska\u0107. Uwielbia pieszczoty, drapanie za uchem, przytulanki i przewieszki przez rami\u0119 podczas kt\u00f3rych mruczy&#8230; zdarza si\u0119, \u017ce bawi si\u0119 w\u0142osami i odbija \u0142apy na twarzy (oczywi\u015bcie nie wyci\u0105gaj\u0105c przy tym pazur\u00f3w). Pierwszy wchodzi do \u0142\u00f3\u017cka, lubi chowa\u0107 si\u0119 pod ko\u0142dr\u0119. Lubi pi\u0107 wod\u0119 z kranu, a kiedy si\u0119 ju\u017c napije, ch\u0119tnie si\u0119 ni\u0105 bawi&#8230; potrafi tak\u017ce przesiadywa\u0107 przed kabin\u0105 prysznicow\u0105 i patrze\u0107 na sp\u0142ywaj\u0105c\u0105 wod\u0119. Ruch go fascynuje pod ka\u017cd\u0105 postaci\u0105. Wysoko\u015bci nie stanowi\u0105 dla niego problemu&#8230; nawet jako koci\u0119 pokonywa\u0142 nie mniejsze od doros\u0142ych kotek przeszkody, cho\u0107 mam wra\u017cenie, \u017ce nie czerpie z tego wielkiej przyjemno\u015bci. Ot jak trzeba, czy co\u015b go zainteresuje \u2013 wskoczy. Jak to facet \u2013 jest energooszcz\u0119dny, wi\u0119c je\u015bli chc\u0119 \u017ceby wskoczy\u0142 na kolana to jest ostatnie co zrobi&#8230; czeka a\u017c go podnios\u0119! \u0141obuz! Car jest do\u015b\u0107 ma\u0142ym kocurem (wa\u017cy ok. 4 kg). Ma ciemn\u0105 jedwabist\u0105 podw\u00f3jn\u0105 bardzo g\u0119st\u0105 sier\u015b\u0107 (jedn\u0105 z najciemniejszych w hodowli, podobnie jak FT i Kali) a tak\u017ce ciemne szmaragdowe oczy w kszta\u0142cie migda\u0142\u00f3w. Ma d\u0142ugie \u0142apy i ogon, mocn\u0105 g\u0142ow\u0119, dobry profil, zgrabn\u0105, w pe\u0142ni wykszta\u0142con\u0105 smuk\u0142\u0105 i umi\u0119\u015bnion\u0105 sylwetk\u0119, du\u017ce \u0142apy. Kiedy\u015b na jednej z wystaw s\u0119dzia w &#8220;uwagach&#8221; wpisa\u0142 mu &#8220;macho type&#8221; \u2013 trafnie! Aktualnie na emeryturze, mieszka z nami. <\/p>\n\n\n\n<p><\/p>\n\n\n\n<figure class=\"wp-block-gallery alignleft columns-1 is-cropped wp-block-gallery-13 is-layout-flex wp-block-gallery-is-layout-flex\"><ul class=\"blocks-gallery-grid\"><li class=\"blocks-gallery-item\"><figure><img decoding=\"async\" loading=\"lazy\" width=\"1024\" height=\"683\" src=\"http:\/\/rozwadowska.pl\/szaraeminencja\/wp-content\/uploads\/2021\/04\/41394321_1860646074042584_6147093335908548608_o-1024x683.jpg\" alt=\"\" data-id=\"137\" data-full-url=\"http:\/\/rozwadowska.pl\/szaraeminencja\/wp-content\/uploads\/2021\/04\/41394321_1860646074042584_6147093335908548608_o.jpg\" data-link=\"http:\/\/rozwadowska.pl\/szaraeminencja\/index.php\/kastraty\/41394321_1860646074042584_6147093335908548608_o\/\" class=\"wp-image-137\" srcset=\"https:\/\/rozwadowska.pl\/szaraeminencja\/wp-content\/uploads\/2021\/04\/41394321_1860646074042584_6147093335908548608_o-1024x683.jpg 1024w, https:\/\/rozwadowska.pl\/szaraeminencja\/wp-content\/uploads\/2021\/04\/41394321_1860646074042584_6147093335908548608_o-300x200.jpg 300w, https:\/\/rozwadowska.pl\/szaraeminencja\/wp-content\/uploads\/2021\/04\/41394321_1860646074042584_6147093335908548608_o-768x512.jpg 768w, https:\/\/rozwadowska.pl\/szaraeminencja\/wp-content\/uploads\/2021\/04\/41394321_1860646074042584_6147093335908548608_o-1536x1024.jpg 1536w, https:\/\/rozwadowska.pl\/szaraeminencja\/wp-content\/uploads\/2021\/04\/41394321_1860646074042584_6147093335908548608_o-825x550.jpg 825w, https:\/\/rozwadowska.pl\/szaraeminencja\/wp-content\/uploads\/2021\/04\/41394321_1860646074042584_6147093335908548608_o-1500x1000.jpg 1500w, https:\/\/rozwadowska.pl\/szaraeminencja\/wp-content\/uploads\/2021\/04\/41394321_1860646074042584_6147093335908548608_o-600x400.jpg 600w, https:\/\/rozwadowska.pl\/szaraeminencja\/wp-content\/uploads\/2021\/04\/41394321_1860646074042584_6147093335908548608_o-400x267.jpg 400w, https:\/\/rozwadowska.pl\/szaraeminencja\/wp-content\/uploads\/2021\/04\/41394321_1860646074042584_6147093335908548608_o.jpg 2048w\" sizes=\"(max-width: 1024px) 100vw, 1024px\" \/><\/figure><\/li><\/ul><\/figure>\n\n\n\n<p><strong>Diva Szara Eminencja*PL<\/strong><br><a href=\"https:\/\/pawpeds.com\/db\/?a=p&amp;id=1270415&amp;g=4&amp;p=rus&amp;date=iso&amp;o=ajgrep\">Rodow\u00f3d<\/a>&nbsp;nr: (PL)FPL LO 68416<br>rodzice: Astra Glitterus*PL oraz Dirty Jesse&nbsp;<a href=\"http:\/\/www.malevitch.dk\/\">Malevitch*DK<\/a><br>chip nr: 941000016473651<br>status: kastratka<\/p>\n\n\n\n<p>Diva Szara Eminencja*PL to moje hodowlane dziecko (pierwsze z moim przydomkiem hodowlanym). By\u0142am przy jej narodzinach, trzyma\u0142am j\u0105 na r\u0119kach zaraz po porodzie, mam zatem do niej szczeg\u00f3lny sentyment. Od razu wiedzia\u0142am, \u017ce to ona u nas zostanie. By\u0142a najja\u015bniejszym kociakiem w miocie. Wyr\u00f3\u017cnia\u0142a si\u0119 przez to na pierwszy rzut oka. Pozosta\u0142e cechy w miar\u0119 up\u0142ywu czasu utwierdza\u0142y mnie tylko w przekonaniu, \u017ce to by\u0142 dobry wyb\u00f3r. Charakter, delikatna budowa i wygl\u0105d, pi\u0119kne oko, zar\u00f3wno pod wzgl\u0119dem kszta\u0142tu jak i koloru&#8230; To urocza koteczka. \u015aliczna. Delikatna nie tylko w wygl\u0105dzie, tak\u017ce w zachowaniu. Imi\u0119 w pe\u0142ni adekwatne! Mimo tych cech bywa nieostro\u017cna. Nie ma dnia, \u017ceby czego\u015b nie zrzuci\u0142a! Ot taka z niej ciapa. Nawet u mojej mamy ma ksyw\u0119 &#8220;Demola&#8221;. Ale to r\u00f3wnie\u017c jest w niej urocze! Lubi schowki. Im mniejszy, tym lepiej. Jest przy tym niez\u0142\u0105 cwaniar\u0105 i spryciul\u0105. Potrafi przedosta\u0107 si\u0119 w najodleglejszy zakamarek najwy\u017cszej szafki, uchyli\u0107 drzwiczki i tam usn\u0105\u0107. Nienawidzi insekt\u00f3w. Brzydzi si\u0119 nimi na tyle, \u017ce nawet ich nie zjada. Pastwi si\u0119 natomiast z lubo\u015bci\u0105. Uwielbia pobyt w wolierze, \u015bwie\u017ce powietrze i mo\u017cliwo\u015b\u0107 biegania za owadami. Doskona\u0142y z niej \u0142owca. Podczas zabaw nie odpu\u015bci \u017cadnej pi\u0142ce czy myszce! Zamarzy\u0142am o amerykance i Diva jest kocim uosobieniem tego marzenia. Jest bardzo dobr\u0105 mam\u0105 dla swoich dzieci. Jest c\u00f3rk\u0105 Astry, wnuczk\u0105 Amiki. Po mamie odziedziczy\u0142a naiwne spojrzenie i wyraz pyszczka, po babci &#8211; ciemn\u0105 opraw\u0119 oczu. Ma szeroko osadzone du\u017ce uszy na tr\u00f3jk\u0105tnej czaszce. Ciemnozielone oczy podkre\u015blaj\u0105 jej jasne futro. Dostojn\u0105 sylwetk\u0119 ma po babci \u2013 Amice. Wysokie \u0142apy, d\u0142ugi ogon, dobry profil \u2013 to jej atuty. Jest mam\u0105 Rey. Aktualnie na emeryturze hodowlanej &#8211; zamieszka\u0142a w Warszawie.<\/p>\n\n\n\n<figure class=\"wp-block-gallery alignleft columns-1 is-cropped wp-block-gallery-15 is-layout-flex wp-block-gallery-is-layout-flex\"><ul class=\"blocks-gallery-grid\"><li class=\"blocks-gallery-item\"><figure><img decoding=\"async\" loading=\"lazy\" width=\"768\" height=\"768\" src=\"http:\/\/rozwadowska.pl\/szaraeminencja\/wp-content\/uploads\/2021\/04\/13116438_978923672214833_6279389271982578546_o.jpg\" alt=\"\" data-id=\"171\" data-full-url=\"http:\/\/rozwadowska.pl\/szaraeminencja\/wp-content\/uploads\/2021\/04\/13116438_978923672214833_6279389271982578546_o.jpg\" data-link=\"http:\/\/rozwadowska.pl\/szaraeminencja\/index.php\/kocury\/13116438_978923672214833_6279389271982578546_o\/\" class=\"wp-image-171\" srcset=\"https:\/\/rozwadowska.pl\/szaraeminencja\/wp-content\/uploads\/2021\/04\/13116438_978923672214833_6279389271982578546_o.jpg 768w, https:\/\/rozwadowska.pl\/szaraeminencja\/wp-content\/uploads\/2021\/04\/13116438_978923672214833_6279389271982578546_o-300x300.jpg 300w, https:\/\/rozwadowska.pl\/szaraeminencja\/wp-content\/uploads\/2021\/04\/13116438_978923672214833_6279389271982578546_o-150x150.jpg 150w, https:\/\/rozwadowska.pl\/szaraeminencja\/wp-content\/uploads\/2021\/04\/13116438_978923672214833_6279389271982578546_o-620x620.jpg 620w, https:\/\/rozwadowska.pl\/szaraeminencja\/wp-content\/uploads\/2021\/04\/13116438_978923672214833_6279389271982578546_o-600x600.jpg 600w, https:\/\/rozwadowska.pl\/szaraeminencja\/wp-content\/uploads\/2021\/04\/13116438_978923672214833_6279389271982578546_o-400x400.jpg 400w\" sizes=\"(max-width: 768px) 100vw, 768px\" \/><\/figure><\/li><\/ul><\/figure>\n\n\n\n<p><strong>Yason Jasno Solnyshko*RU<\/strong><br><a href=\"https:\/\/pawpeds.com\/db\/?a=p&amp;id=1303072&amp;g=4&amp;p=rus&amp;date=iso&amp;o=ajgrep\">Rodow\u00f3d<\/a>&nbsp;nr: (PL)FPL RX 72815<br>rodzice: GIC Geiren&nbsp;<a href=\"http:\/\/www.mazojiarka.lt\/\">Mazoji Arka*LT<\/a>&nbsp;i Fortuna <a href=\"http:\/\/jasno-solnyshko.my1.ru\/\">Jasno Solnyshko*RU<\/a><br>chip nr: 643094100316421<br>status: kastrat<\/p>\n\n\n\n<p>Yason Jasno Solnyshko*RU pochodzi z Rosji, dok\u0142adnie z Petersburga \u2013 zatem to \u201eprawdziwy\u201d RUS. Zamieszka\u0142 z nami w 2016 r. jako drugi kocur hodowlany w wieku 2 lat. Posiada tytu\u0142 International Championa. Aklimatyzacja doros\u0142ego kota jest do\u015b\u0107 trudnym zadaniem, jednak nam si\u0119 uda\u0142o. Yason (zwany te\u017c po domowemu Ja\u015bkiem, mimo sprzeciwu mojego syna) jest ostro\u017cny w stosunku do ludzi, szczeg\u00f3lnie obcych. Kocur wybra\u0142 mnie na swojego cz\u0142owieka, zatem nie przeszkadza mi to w og\u00f3le. Na jego wzgl\u0119dy trzeba sobie zas\u0142u\u017cy\u0107. Nagroda jest jednak wspania\u0142a. Po kr\u00f3tkim czasie daje si\u0119 pozna\u0107 z najlepszej strony, jako pieszczoch o bardzo \u0142agodnym, lecz zdecydowanym charakterze. Bardzo ch\u0119tnie si\u0119 bawi, jest \u0142owny i zaczepny. Lubi drapanie za uchem i po grzbiecie, i nad ogonem.. wszystko poza brzuchem \ud83d\ude1b byle w du\u017cych ilo\u015bciach. Uwielbia wolierowa\u0107 i zaczepia\u0107 kotki, kt\u00f3re widzi w oknach. Jest pi\u0119knym i dorodnym kocurem w \u015brednim niebieskim kolorze futra. Ma cudnie zielone oczy, bardzo dobry profil i \u015bwietne proporcje. Jest nieco wi\u0119kszy od Cara i delikatniejszy w typie. Jako kocur hodowlany daje liczne i zdrowe potomstwo.<\/p>\n\n\n\n<div class=\"wp-block-image\"><figure class=\"alignleft size-large is-resized\"><img decoding=\"async\" loading=\"lazy\" src=\"http:\/\/rozwadowska.pl\/szaraeminencja\/wp-content\/uploads\/2023\/08\/DCZ_0549-scaled-e1692246221285-1024x1024.jpg\" alt=\"\" class=\"wp-image-492\" width=\"292\" height=\"292\" srcset=\"https:\/\/rozwadowska.pl\/szaraeminencja\/wp-content\/uploads\/2023\/08\/DCZ_0549-scaled-e1692246221285-1024x1024.jpg 1024w, https:\/\/rozwadowska.pl\/szaraeminencja\/wp-content\/uploads\/2023\/08\/DCZ_0549-scaled-e1692246221285-300x300.jpg 300w, https:\/\/rozwadowska.pl\/szaraeminencja\/wp-content\/uploads\/2023\/08\/DCZ_0549-scaled-e1692246221285-150x150.jpg 150w, https:\/\/rozwadowska.pl\/szaraeminencja\/wp-content\/uploads\/2023\/08\/DCZ_0549-scaled-e1692246221285-768x768.jpg 768w, https:\/\/rozwadowska.pl\/szaraeminencja\/wp-content\/uploads\/2023\/08\/DCZ_0549-scaled-e1692246221285-620x620.jpg 620w, https:\/\/rozwadowska.pl\/szaraeminencja\/wp-content\/uploads\/2023\/08\/DCZ_0549-scaled-e1692246221285-1000x1000.jpg 1000w, https:\/\/rozwadowska.pl\/szaraeminencja\/wp-content\/uploads\/2023\/08\/DCZ_0549-scaled-e1692246221285-600x600.jpg 600w, https:\/\/rozwadowska.pl\/szaraeminencja\/wp-content\/uploads\/2023\/08\/DCZ_0549-scaled-e1692246221285-400x400.jpg 400w, https:\/\/rozwadowska.pl\/szaraeminencja\/wp-content\/uploads\/2023\/08\/DCZ_0549-scaled-e1692246221285.jpg 1190w\" sizes=\"(max-width: 292px) 100vw, 292px\" \/><\/figure><\/div>\n\n\n\n<p><strong>Jena Szara Eminencja*PL<\/strong><\/p>\n\n\n\n<p>Rodow\u00f3d: (PL)FPL LO 243473<\/p>\n\n\n\n<p>rodzice: Misha Szara Eminencja*PL i Kida Szara Eminencja*PL<\/p>\n\n\n\n<p>chip nr:616093901429818<\/p>\n\n\n\n<p>status: kastratka<\/p>\n\n\n\n<p>Jena Szara Eminencja*PL to c\u00f3rka Mishy Szarej Eminencji*PL i Kidy Szarej Eminencji*PL. Ma rosyjsko-brytyjskie korzenie ze strony ojca i polsko-czeskie po matce. Jena, jak na czarownic\u0119 wied\u017ami\u0144sk\u0105 przysta\u0142o, jest wielk\u0105 zalotnic\u0105 i prawdziw\u0105 dam\u0105. Jest wyj\u0105tkowo rozmowna, co najprawdopodobniej odziedziczy\u0142a po dziadku Yasonie. Wchodzenie z ni\u0105 w dyskusje nie jest wskazane, bo interlokutor z g\u00f3ry jest skazany na pora\u017ck\u0119. Z natury ufna, cho\u0107 zadziorna. Jako jedna z pierwszych wita naszych go\u015bci i wskakuje na kolana (cho\u0107 najcz\u0119\u015bciej na te m\u0119skie). Bardzo lubi ludzi i przebywanie w ich otoczeniu. Tuli si\u0119 wk\u0142adaj\u0105c \u0142epek w d\u0142o\u0144, bywa, \u017ce nie pyta o zdanie, co mo\u017cna poczyta\u0107 niekiedy za nachalno\u015b\u0107. Lubi zabaw\u0119 samodzielnie i z cz\u0142owiekiem. Jest czu\u0142\u0105 mam\u0105 dla ma\u0142ej Olgi. Miot w kt\u00f3rym przysz\u0142a na \u015bwiat Olga by\u0142 jej jedynym, zgodnie z planem hodowlanym.  <\/p>\n\n\n\n<div class=\"wp-block-image\"><figure class=\"alignleft size-large\"><img decoding=\"async\" loading=\"lazy\" width=\"270\" height=\"270\" src=\"http:\/\/rozwadowska.pl\/szaraeminencja\/wp-content\/uploads\/2021\/04\/Misha.png\" alt=\"\" class=\"wp-image-174\" srcset=\"https:\/\/rozwadowska.pl\/szaraeminencja\/wp-content\/uploads\/2021\/04\/Misha.png 270w, https:\/\/rozwadowska.pl\/szaraeminencja\/wp-content\/uploads\/2021\/04\/Misha-150x150.png 150w\" sizes=\"(max-width: 270px) 100vw, 270px\" \/><figcaption>Misha Szara Eminencja*PL<\/figcaption><\/figure><\/div>\n\n\n\n<p><strong>Misha Szara Eminencja*PL<\/strong><br><a href=\"https:\/\/pawpeds.com\/db\/?a=p&amp;id=1487565&amp;g=4&amp;p=rus&amp;o=ajgrep\">Rodow\u00f3d<\/a>\u00a0nr: (PL)FPL LO 166979<br>rodzice: IC Yason\u00a0<a href=\"https:\/\/jasno-solnyshko.my1.ru\/\">Jasno Solnyshko*RU<\/a>\u00a0i Yasmina <a href=\"https:\/\/www.facebook.com\/Regal-Russian-Blues-1657211444516569\/\">REGALRUSSIANS<\/a><br>chip nr: 616093900666662<br>status: kastrat<\/p>\n\n\n\n<p>Misha Szara Eminencja*PL jest synem Yasminy (naszej brytyjskiej ksi\u0119\u017cniczki) i IC Yasona (petersburskiego ksi\u0119cia). Urodzi\u0142 si\u0119 w naszej hodowli w po\u0142owie 2019 r. jako brat tr\u00f3jki rodze\u0144stwa w pierwszym miocie Yasminy. Od pocz\u0105tku da\u0142 si\u0119 pozna\u0107 jako \u0142agodny ch\u0142opak o doskona\u0142ym charakterze a przy tym wzorcowym fenotypie, co zadecydowa\u0142o o jego pozostawieniu w hodowli. Misha jest przyjacielskim kocurem, lekko zadziornym zalotnikiem. Uwodzi delikatno\u015bci\u0105 i \u015bpiewno\u015bci\u0105 wydawanych d\u017awi\u0119k\u00f3w. Szybko i \u0142atwo nawi\u0105zuje kontakty z innymi kotami, ch\u0119tnie wita go\u015bci hodowli, czuj\u0105c si\u0119 gospodarzem domu. Jest bardzo czu\u0142ym kotem, potrafi\u0105cym obdarowa\u0107 atencj\u0105 i uwag\u0105 ka\u017cdego, kto znajdzie chwil\u0119 na interakcj\u0119 z kotem. Bardzo lubi si\u0119 przytula\u0107 i przebywa\u0107 w towarzystwie dzieci. Du\u017co m\u00f3wi. Nie ma w im kszty agresji. Ma grafitowy r\u00f3wny kolor futra i idealny profil. G\u0119sta okrywa w\u0142osowa powi\u0119ksza go wizualnie, chocia\u017c w rzeczywisto\u015bci jest raczej kompaktowym kocurem. Jest kr\u0119py i nabity, mocny w budowie (typ macho). Ma wygl\u0105d \u0142obuza i zadziorne spojrzenie. Po uko\u0144czeniu kariery hodowlanej zamieszka\u0142 w Berlinie z pani\u0105 Kasi\u0105 i jej rodzin\u0105. <\/p>\n","protected":false},"excerpt":{"rendered":"<p>Faa Tum Kot Doskona\u0142y*PLRodow\u00f3d&nbsp;nr: (PL)FPL LO 37076rodzice: SC Cekin&nbsp;Ewjatar*PL&nbsp;oraz Ana&nbsp;Tema z hodowli Kot Doskona\u0142y*PLchip nr: 967000009129891.status: kastratka FaaTum Kot Doskona\u0142y*PL pochodzi z hodowli z Warszawy to ona da\u0142a pocz\u0105tek hodowli&hellip;<a href=\"https:\/\/rozwadowska.pl\/szaraeminencja\/index.php\/kastraty\/\" class=\"more-link\"><span class=\"more-button\">Continue reading<span class=\"screen-reader-text\">Kastraty<\/span><\/span><\/a><\/p>\n","protected":false},"author":1,"featured_media":0,"parent":0,"menu_order":0,"comment_status":"closed","ping_status":"closed","template":"","meta":{"footnotes":""},"_links":{"self":[{"href":"https:\/\/rozwadowska.pl\/szaraeminencja\/index.php\/wp-json\/wp\/v2\/pages\/42"}],"collection":[{"href":"https:\/\/rozwadowska.pl\/szaraeminencja\/index.php\/wp-json\/wp\/v2\/pages"}],"about":[{"href":"https:\/\/rozwadowska.pl\/szaraeminencja\/index.php\/wp-json\/wp\/v2\/types\/page"}],"author":[{"embeddable":true,"href":"https:\/\/rozwadowska.pl\/szaraeminencja\/index.php\/wp-json\/wp\/v2\/users\/1"}],"replies":[{"embeddable":true,"href":"https:\/\/rozwadowska.pl\/szaraeminencja\/index.php\/wp-json\/wp\/v2\/comments?post=42"}],"version-history":[{"count":17,"href":"https:\/\/rozwadowska.pl\/szaraeminencja\/index.php\/wp-json\/wp\/v2\/pages\/42\/revisions"}],"predecessor-version":[{"id":500,"href":"https:\/\/rozwadowska.pl\/szaraeminencja\/index.php\/wp-json\/wp\/v2\/pages\/42\/revisions\/500"}],"wp:attachment":[{"href":"https:\/\/rozwadowska.pl\/szaraeminencja\/index.php\/wp-json\/wp\/v2\/media?parent=42"}],"curies":[{"name":"wp","href":"https:\/\/api.w.org\/{rel}","templated":true}]}}